{"id":7584,"date":"2024-11-13T15:33:19","date_gmt":"2024-11-13T14:33:19","guid":{"rendered":"https:\/\/www.casadesus.net\/gianfranco-gualtierotti\/"},"modified":"2026-01-26T17:41:48","modified_gmt":"2026-01-26T16:41:48","slug":"gianfranco-gualtierotti","status":"publish","type":"page","link":"https:\/\/www.casadesus.net\/es\/disenadores\/gianfranco-gualtierotti\/","title":{"rendered":"Gianfranco Gualtierotti"},"content":{"rendered":"<p>Nacido en Roma. Se traslada a Pistoia donde frecuenta el instituto t\u00e9cnico Pacinotti. En 1967 empieza su trabajo de dise\u00f1o en el grupo Permaflex donde colabora en las investigaciones sobre el uso del poliuretano expandido para muebles y tapicer\u00edas.<\/p>\n<p>De 1970 a 1975 dirige el Departamento T\u00e9cnico de UNO PI, por aquel entonces la empresa m\u00e1s moderna en productos qu\u00edmicos para muebles.<\/p>\n<p>Colaborar con numerosos dise\u00f1adores industrializando sus proyectos y creando diversos productos que utilizan poliuretano expandido en combinaci\u00f3n con tecnolog\u00edas mec\u00e1nicas avanzadas, poniendo en marcha los primeros productos UNO Pi. En 1977 comienza su actividad profesional abriendo su oficina de asesoramiento t\u00e9cnico y dise\u00f1o industrial en Pistoia.<\/p>\n<p>Muebles modulares, muebles, camas, sillones, sillas, sof\u00e1s-cama innovadores son dise\u00f1ados por Gualtierotti, por lo que las revistas de muebles m\u00e1s importantes publican sus proyectos.<\/p>\n<p>Miembros de ADI y BEDA.<\/p>\n<p>De 2010 a 2016 fue coordinador ADI del Observatorio Toscano de Dise\u00f1o.<\/p>\n<p>Vicepresidente del Museo del Dise\u00f1o Toscano MuDeTo<\/p>\n","protected":false},"excerpt":{"rendered":"<p>Nacido en Roma. Se traslada a Pistoia donde frecuenta el instituto t\u00e9cnico Pacinotti. En 1967 empieza su trabajo de dise\u00f1o en el grupo Permaflex donde colabora en las investigaciones sobre el uso del poliuretano expandido para muebles y tapicer\u00edas. De 1970 a 1975 dirige el Departamento T\u00e9cnico de UNO PI, por aquel entonces la empresa [&hellip;]<\/p>\n","protected":false},"author":1,"featured_media":7583,"parent":7653,"menu_order":0,"comment_status":"closed","ping_status":"closed","template":"","meta":{"_acf_changed":false,"footnotes":""},"class_list":["post-7584","page","type-page","status-publish","has-post-thumbnail","hentry"],"acf":[],"yoast_head":"<!-- This site is optimized with the Yoast SEO plugin v26.9 - https:\/\/yoast.com\/product\/yoast-seo-wordpress\/ -->\n<title>Gianfranco Gualtierotti - CasaDes\u00fas - Furniture Design Barcelona<\/title>\n<meta name=\"robots\" content=\"index, follow, max-snippet:-1, max-image-preview:large, max-video-preview:-1\" \/>\n<link rel=\"canonical\" href=\"https:\/\/www.casadesus.net\/es\/disenadores\/gianfranco-gualtierotti\/\" \/>\n<meta property=\"og:locale\" content=\"es_ES\" \/>\n<meta property=\"og:type\" content=\"article\" \/>\n<meta property=\"og:title\" content=\"Gianfranco Gualtierotti - CasaDes\u00fas - Furniture Design Barcelona\" \/>\n<meta property=\"og:description\" content=\"Nacido en Roma. Se traslada a Pistoia donde frecuenta el instituto t\u00e9cnico Pacinotti. En 1967 empieza su trabajo de dise\u00f1o en el grupo Permaflex donde colabora en las investigaciones sobre el uso del poliuretano expandido para muebles y tapicer\u00edas. De 1970 a 1975 dirige el Departamento T\u00e9cnico de UNO PI, por aquel entonces la empresa [&hellip;]\" \/>\n<meta property=\"og:url\" content=\"https:\/\/www.casadesus.net\/es\/disenadores\/gianfranco-gualtierotti\/\" \/>\n<meta property=\"og:site_name\" content=\"CasaDes\u00fas - Furniture Design Barcelona\" \/>\n<meta property=\"article:modified_time\" content=\"2026-01-26T16:41:48+00:00\" \/>\n<meta property=\"og:image\" content=\"https:\/\/www.casadesus.net\/wp-content\/uploads\/2025\/11\/gualtierotti-n1.jpg\" \/>\n\t<meta property=\"og:image:width\" content=\"605\" \/>\n\t<meta property=\"og:image:height\" content=\"490\" \/>\n\t<meta property=\"og:image:type\" content=\"image\/jpeg\" \/>\n<meta name=\"twitter:card\" content=\"summary_large_image\" \/>\n<script type=\"application\/ld+json\" class=\"yoast-schema-graph\">{\"@context\":\"https:\/\/schema.org\",\"@graph\":[{\"@type\":\"WebPage\",\"@id\":\"https:\/\/www.casadesus.net\/es\/disenadores\/gianfranco-gualtierotti\/\",\"url\":\"https:\/\/www.casadesus.net\/es\/disenadores\/gianfranco-gualtierotti\/\",\"name\":\"Gianfranco Gualtierotti - CasaDes\u00fas - Furniture Design Barcelona\",\"isPartOf\":{\"@id\":\"https:\/\/www.casadesus.net\/es\/#website\"},\"primaryImageOfPage\":{\"@id\":\"https:\/\/www.casadesus.net\/es\/disenadores\/gianfranco-gualtierotti\/#primaryimage\"},\"image\":{\"@id\":\"https:\/\/www.casadesus.net\/es\/disenadores\/gianfranco-gualtierotti\/#primaryimage\"},\"thumbnailUrl\":\"https:\/\/www.casadesus.net\/wp-content\/uploads\/2025\/11\/gualtierotti-n1.jpg\",\"datePublished\":\"2024-11-13T14:33:19+00:00\",\"dateModified\":\"2026-01-26T16:41:48+00:00\",\"breadcrumb\":{\"@id\":\"https:\/\/www.casadesus.net\/es\/disenadores\/gianfranco-gualtierotti\/#breadcrumb\"},\"inLanguage\":\"es\",\"potentialAction\":[{\"@type\":\"ReadAction\",\"target\":[\"https:\/\/www.casadesus.net\/es\/disenadores\/gianfranco-gualtierotti\/\"]}]},{\"@type\":\"ImageObject\",\"inLanguage\":\"es\",\"@id\":\"https:\/\/www.casadesus.net\/es\/disenadores\/gianfranco-gualtierotti\/#primaryimage\",\"url\":\"https:\/\/www.casadesus.net\/wp-content\/uploads\/2025\/11\/gualtierotti-n1.jpg\",\"contentUrl\":\"https:\/\/www.casadesus.net\/wp-content\/uploads\/2025\/11\/gualtierotti-n1.jpg\",\"width\":605,\"height\":490},{\"@type\":\"BreadcrumbList\",\"@id\":\"https:\/\/www.casadesus.net\/es\/disenadores\/gianfranco-gualtierotti\/#breadcrumb\",\"itemListElement\":[{\"@type\":\"ListItem\",\"position\":1,\"name\":\"Home\",\"item\":\"https:\/\/www.casadesus.net\/es\/home\/\"},{\"@type\":\"ListItem\",\"position\":2,\"name\":\"Dise\u00f1adores\",\"item\":\"https:\/\/www.casadesus.net\/es\/disenadores\/\"},{\"@type\":\"ListItem\",\"position\":3,\"name\":\"Gianfranco Gualtierotti\"}]},{\"@type\":\"WebSite\",\"@id\":\"https:\/\/www.casadesus.net\/es\/#website\",\"url\":\"https:\/\/www.casadesus.net\/es\/\",\"name\":\"CasaDes\u00fas - Furniture Design Barcelona\",\"description\":\"Dise\u00f1o, fabricaci\u00f3n y comercializaci\u00f3n de sof\u00e1s, sillones y m\u00e1s recientemente mobiliario en general\",\"publisher\":{\"@id\":\"https:\/\/www.casadesus.net\/es\/#organization\"},\"potentialAction\":[{\"@type\":\"SearchAction\",\"target\":{\"@type\":\"EntryPoint\",\"urlTemplate\":\"https:\/\/www.casadesus.net\/es\/?s={search_term_string}\"},\"query-input\":{\"@type\":\"PropertyValueSpecification\",\"valueRequired\":true,\"valueName\":\"search_term_string\"}}],\"inLanguage\":\"es\"},{\"@type\":\"Organization\",\"@id\":\"https:\/\/www.casadesus.net\/es\/#organization\",\"name\":\"CasaDes\u00fas - Furniture Design Barcelona\",\"url\":\"https:\/\/www.casadesus.net\/es\/\",\"logo\":{\"@type\":\"ImageObject\",\"inLanguage\":\"es\",\"@id\":\"https:\/\/www.casadesus.net\/es\/#\/schema\/logo\/image\/\",\"url\":\"https:\/\/www.casadesus.net\/wp-content\/uploads\/2024\/11\/logo_casadesus_white.jpg\",\"contentUrl\":\"https:\/\/www.casadesus.net\/wp-content\/uploads\/2024\/11\/logo_casadesus_white.jpg\",\"width\":866,\"height\":99,\"caption\":\"CasaDes\u00fas - Furniture Design Barcelona\"},\"image\":{\"@id\":\"https:\/\/www.casadesus.net\/es\/#\/schema\/logo\/image\/\"}}]}<\/script>\n<!-- \/ Yoast SEO plugin. -->","yoast_head_json":{"title":"Gianfranco Gualtierotti - CasaDes\u00fas - Furniture Design Barcelona","robots":{"index":"index","follow":"follow","max-snippet":"max-snippet:-1","max-image-preview":"max-image-preview:large","max-video-preview":"max-video-preview:-1"},"canonical":"https:\/\/www.casadesus.net\/es\/disenadores\/gianfranco-gualtierotti\/","og_locale":"es_ES","og_type":"article","og_title":"Gianfranco Gualtierotti - CasaDes\u00fas - Furniture Design Barcelona","og_description":"Nacido en Roma. Se traslada a Pistoia donde frecuenta el instituto t\u00e9cnico Pacinotti. En 1967 empieza su trabajo de dise\u00f1o en el grupo Permaflex donde colabora en las investigaciones sobre el uso del poliuretano expandido para muebles y tapicer\u00edas. De 1970 a 1975 dirige el Departamento T\u00e9cnico de UNO PI, por aquel entonces la empresa [&hellip;]","og_url":"https:\/\/www.casadesus.net\/es\/disenadores\/gianfranco-gualtierotti\/","og_site_name":"CasaDes\u00fas - Furniture Design Barcelona","article_modified_time":"2026-01-26T16:41:48+00:00","og_image":[{"width":605,"height":490,"url":"https:\/\/www.casadesus.net\/wp-content\/uploads\/2025\/11\/gualtierotti-n1.jpg","type":"image\/jpeg"}],"twitter_card":"summary_large_image","schema":{"@context":"https:\/\/schema.org","@graph":[{"@type":"WebPage","@id":"https:\/\/www.casadesus.net\/es\/disenadores\/gianfranco-gualtierotti\/","url":"https:\/\/www.casadesus.net\/es\/disenadores\/gianfranco-gualtierotti\/","name":"Gianfranco Gualtierotti - CasaDes\u00fas - Furniture Design Barcelona","isPartOf":{"@id":"https:\/\/www.casadesus.net\/es\/#website"},"primaryImageOfPage":{"@id":"https:\/\/www.casadesus.net\/es\/disenadores\/gianfranco-gualtierotti\/#primaryimage"},"image":{"@id":"https:\/\/www.casadesus.net\/es\/disenadores\/gianfranco-gualtierotti\/#primaryimage"},"thumbnailUrl":"https:\/\/www.casadesus.net\/wp-content\/uploads\/2025\/11\/gualtierotti-n1.jpg","datePublished":"2024-11-13T14:33:19+00:00","dateModified":"2026-01-26T16:41:48+00:00","breadcrumb":{"@id":"https:\/\/www.casadesus.net\/es\/disenadores\/gianfranco-gualtierotti\/#breadcrumb"},"inLanguage":"es","potentialAction":[{"@type":"ReadAction","target":["https:\/\/www.casadesus.net\/es\/disenadores\/gianfranco-gualtierotti\/"]}]},{"@type":"ImageObject","inLanguage":"es","@id":"https:\/\/www.casadesus.net\/es\/disenadores\/gianfranco-gualtierotti\/#primaryimage","url":"https:\/\/www.casadesus.net\/wp-content\/uploads\/2025\/11\/gualtierotti-n1.jpg","contentUrl":"https:\/\/www.casadesus.net\/wp-content\/uploads\/2025\/11\/gualtierotti-n1.jpg","width":605,"height":490},{"@type":"BreadcrumbList","@id":"https:\/\/www.casadesus.net\/es\/disenadores\/gianfranco-gualtierotti\/#breadcrumb","itemListElement":[{"@type":"ListItem","position":1,"name":"Home","item":"https:\/\/www.casadesus.net\/es\/home\/"},{"@type":"ListItem","position":2,"name":"Dise\u00f1adores","item":"https:\/\/www.casadesus.net\/es\/disenadores\/"},{"@type":"ListItem","position":3,"name":"Gianfranco Gualtierotti"}]},{"@type":"WebSite","@id":"https:\/\/www.casadesus.net\/es\/#website","url":"https:\/\/www.casadesus.net\/es\/","name":"CasaDes\u00fas - Furniture Design Barcelona","description":"Dise\u00f1o, fabricaci\u00f3n y comercializaci\u00f3n de sof\u00e1s, sillones y m\u00e1s recientemente mobiliario en general","publisher":{"@id":"https:\/\/www.casadesus.net\/es\/#organization"},"potentialAction":[{"@type":"SearchAction","target":{"@type":"EntryPoint","urlTemplate":"https:\/\/www.casadesus.net\/es\/?s={search_term_string}"},"query-input":{"@type":"PropertyValueSpecification","valueRequired":true,"valueName":"search_term_string"}}],"inLanguage":"es"},{"@type":"Organization","@id":"https:\/\/www.casadesus.net\/es\/#organization","name":"CasaDes\u00fas - Furniture Design Barcelona","url":"https:\/\/www.casadesus.net\/es\/","logo":{"@type":"ImageObject","inLanguage":"es","@id":"https:\/\/www.casadesus.net\/es\/#\/schema\/logo\/image\/","url":"https:\/\/www.casadesus.net\/wp-content\/uploads\/2024\/11\/logo_casadesus_white.jpg","contentUrl":"https:\/\/www.casadesus.net\/wp-content\/uploads\/2024\/11\/logo_casadesus_white.jpg","width":866,"height":99,"caption":"CasaDes\u00fas - Furniture Design Barcelona"},"image":{"@id":"https:\/\/www.casadesus.net\/es\/#\/schema\/logo\/image\/"}}]}},"_links":{"self":[{"href":"https:\/\/www.casadesus.net\/es\/wp-json\/wp\/v2\/pages\/7584","targetHints":{"allow":["GET"]}}],"collection":[{"href":"https:\/\/www.casadesus.net\/es\/wp-json\/wp\/v2\/pages"}],"about":[{"href":"https:\/\/www.casadesus.net\/es\/wp-json\/wp\/v2\/types\/page"}],"author":[{"embeddable":true,"href":"https:\/\/www.casadesus.net\/es\/wp-json\/wp\/v2\/users\/1"}],"replies":[{"embeddable":true,"href":"https:\/\/www.casadesus.net\/es\/wp-json\/wp\/v2\/comments?post=7584"}],"version-history":[{"count":1,"href":"https:\/\/www.casadesus.net\/es\/wp-json\/wp\/v2\/pages\/7584\/revisions"}],"predecessor-version":[{"id":7655,"href":"https:\/\/www.casadesus.net\/es\/wp-json\/wp\/v2\/pages\/7584\/revisions\/7655"}],"up":[{"embeddable":true,"href":"https:\/\/www.casadesus.net\/es\/wp-json\/wp\/v2\/pages\/7653"}],"wp:featuredmedia":[{"embeddable":true,"href":"https:\/\/www.casadesus.net\/es\/wp-json\/wp\/v2\/media\/7583"}],"wp:attachment":[{"href":"https:\/\/www.casadesus.net\/es\/wp-json\/wp\/v2\/media?parent=7584"}],"curies":[{"name":"wp","href":"https:\/\/api.w.org\/{rel}","templated":true}]}}