{"id":7682,"date":"2024-11-13T14:42:42","date_gmt":"2024-11-13T13:42:42","guid":{"rendered":"https:\/\/www.casadesus.net\/home\/"},"modified":"2026-07-16T17:53:53","modified_gmt":"2026-07-16T15:53:53","slug":"home","status":"publish","type":"page","link":"https:\/\/www.casadesus.net\/es\/","title":{"rendered":"Home"},"content":{"rendered":"\t\t<div data-elementor-type=\"wp-page\" data-elementor-id=\"7682\" class=\"elementor elementor-7682 elementor-2\" data-elementor-post-type=\"page\">\n\t\t\t\t<a class=\"elementor-element elementor-element-dd5bd35 e-con-full hoverboom e-flex e-con e-parent\" data-id=\"dd5bd35\" data-element_type=\"container\" data-e-type=\"container\" data-settings=\"{&quot;background_background&quot;:&quot;classic&quot;}\" href=\"https:\/\/www.casadesus.net\/es\/shop\/sofas\/malibu\/\">\n\t\t\t\t<\/a>\n\t\t<div class=\"elementor-element elementor-element-1bb2cd3 e-flex e-con-boxed e-con e-parent\" data-id=\"1bb2cd3\" data-element_type=\"container\" data-e-type=\"container\">\n\t\t\t\t\t<div class=\"e-con-inner\">\n\t\t\t\t<div class=\"elementor-element elementor-element-dbf68d1 elementor-widget__width-auto elementor-widget elementor-widget-heading\" data-id=\"dbf68d1\" data-element_type=\"widget\" data-e-type=\"widget\" data-widget_type=\"heading.default\">\n\t\t\t\t<div class=\"elementor-widget-container\">\n\t\t\t\t\t<h1 class=\"elementor-heading-title elementor-size-default\">MALIB\u00da<\/h1>\t\t\t\t<\/div>\n\t\t\t\t<\/div>\n\t\t\t\t<div class=\"elementor-element elementor-element-9f17154 elementor-widget__width-initial p-no-margin elementor-widget elementor-widget-text-editor\" data-id=\"9f17154\" data-element_type=\"widget\" data-e-type=\"widget\" data-widget_type=\"text-editor.default\">\n\t\t\t\t<div class=\"elementor-widget-container\">\n\t\t\t\t\t\t\t\t\t<p>El sistema de asientos Malib\u00fa se caracteriza por ser un programa de m\u00f3dulos individuales de robusta y bella presencia formal que presentan distintas medidas en cuanto a anchuras y profundidades. Cada m\u00f3dulo posee un brazo y\/o un respaldo con el mismo dise\u00f1o, lo que permite relacionar entre s\u00ed a todos ellos para crear cualquier composici\u00f3n, ya sea esta un simple sof\u00e1, o la rinconera m\u00e1s espectacular. Adem\u00e1s, la colecci\u00f3n consta de piezas como chaise-longues, islas e innumerables medidas de pufs, los cuales, permiten la creaci\u00f3n de composiciones a dos o m\u00e1s lados\/caras para aquellos espacios de ciertas dimensiones que lo requieran. Es por ello que Malib\u00fa presenta grandes posibilidades de adaptaci\u00f3n a infinidad de los proyectos m\u00e1s elegantes y actuales de hoy. Por otro lado, tambi\u00e9n permite la libre elecci\u00f3n del tama\u00f1o de coj\u00edn de respaldo para facilitar as\u00ed la integraci\u00f3n del mismo en las exigencias de cualquier ambiente actual.    <\/p>\t\t\t\t\t\t\t\t<\/div>\n\t\t\t\t<\/div>\n\t\t\t\t\t<\/div>\n\t\t\t\t<\/div>\n\t\t<div class=\"elementor-element elementor-element-0e44e21 e-flex e-con-boxed e-con e-parent\" data-id=\"0e44e21\" data-element_type=\"container\" data-e-type=\"container\">\n\t\t\t\t\t<div class=\"e-con-inner\">\n\t\t\t\t<div class=\"elementor-element elementor-element-00427ee elementor-widget elementor-widget-video\" data-id=\"00427ee\" data-element_type=\"widget\" data-e-type=\"widget\" data-settings=\"{&quot;youtube_url&quot;:&quot;https:\\\/\\\/youtu.be\\\/nvcwBlNDsL4&quot;,&quot;loop&quot;:&quot;yes&quot;,&quot;show_image_overlay&quot;:&quot;yes&quot;,&quot;image_overlay&quot;:{&quot;url&quot;:&quot;https:\\\/\\\/www.casadesus.net\\\/wp-content\\\/uploads\\\/2026\\\/01\\\/portada-video-habitat-valencia-2025.jpg&quot;,&quot;id&quot;:7673,&quot;size&quot;:&quot;&quot;,&quot;alt&quot;:&quot;&quot;,&quot;source&quot;:&quot;library&quot;},&quot;video_type&quot;:&quot;youtube&quot;,&quot;controls&quot;:&quot;yes&quot;}\" data-widget_type=\"video.default\">\n\t\t\t\t<div class=\"elementor-widget-container\">\n\t\t\t\t\t\t\t<div class=\"elementor-wrapper elementor-open-inline\">\n\t\t\t<div class=\"elementor-video\"><\/div>\t\t\t\t<div class=\"elementor-custom-embed-image-overlay\" style=\"background-image: url(https:\/\/www.casadesus.net\/wp-content\/uploads\/2026\/01\/portada-video-habitat-valencia-2025.jpg);\">\n\t\t\t\t\t\t\t\t\t\t\t\t\t\t\t\t<div class=\"elementor-custom-embed-play\" role=\"button\" aria-label=\"Reproducir v\u00eddeo\" tabindex=\"0\">\n\t\t\t\t\t\t\t<svg aria-hidden=\"true\" class=\"e-font-icon-svg e-eicon-play\" viewBox=\"0 0 1000 1000\" xmlns=\"http:\/\/www.w3.org\/2000\/svg\"><path d=\"M838 162C746 71 633 25 500 25 371 25 258 71 163 162 71 254 25 367 25 500 25 633 71 746 163 837 254 929 367 979 500 979 633 979 746 933 838 837 929 746 975 633 975 500 975 367 929 254 838 162M808 192C892 279 933 379 933 500 933 621 892 725 808 808 725 892 621 938 500 938 379 938 279 896 196 808 113 725 67 621 67 500 67 379 108 279 196 192 279 108 383 62 500 62 621 62 721 108 808 192M438 392V642L642 517 438 392Z\"><\/path><\/svg>\t\t\t\t\t\t<\/div>\n\t\t\t\t\t\t\t\t\t<\/div>\n\t\t\t\t\t<\/div>\n\t\t\t\t\t\t<\/div>\n\t\t\t\t<\/div>\n\t\t\t\t\t<\/div>\n\t\t\t\t<\/div>\n\t\t<div class=\"elementor-element elementor-element-6dc4d9c e-flex e-con-boxed e-con e-parent\" data-id=\"6dc4d9c\" data-element_type=\"container\" data-e-type=\"container\">\n\t\t\t\t\t<div class=\"e-con-inner\">\n\t\t\t\t<div class=\"elementor-element elementor-element-d9ee3b4 elementor-widget__width-auto elementor-widget elementor-widget-heading\" data-id=\"d9ee3b4\" data-element_type=\"widget\" data-e-type=\"widget\" data-widget_type=\"heading.default\">\n\t\t\t\t<div class=\"elementor-widget-container\">\n\t\t\t\t\t<h1 class=\"elementor-heading-title elementor-size-default\">FERIA VALENCIA 2025<\/h1>\t\t\t\t<\/div>\n\t\t\t\t<\/div>\n\t\t\t\t<div class=\"elementor-element elementor-element-694f19b elementor-widget__width-initial p-no-margin elementor-widget elementor-widget-text-editor\" data-id=\"694f19b\" data-element_type=\"widget\" data-e-type=\"widget\" data-widget_type=\"text-editor.default\">\n\t\t\t\t<div class=\"elementor-widget-container\">\n\t\t\t\t\t\t\t\t\t<p>Stand CasaDes\u00fas Feria Valencia 2025<\/p>\t\t\t\t\t\t\t\t<\/div>\n\t\t\t\t<\/div>\n\t\t\t\t\t<\/div>\n\t\t\t\t<\/div>\n\t\t<div class=\"elementor-element elementor-element-ba00bbb e-flex e-con-boxed e-con e-parent\" data-id=\"ba00bbb\" data-element_type=\"container\" data-e-type=\"container\">\n\t\t\t\t\t<div class=\"e-con-inner\">\n\t\t<a class=\"elementor-element elementor-element-f9b56ca e-con-full hoverboom e-flex e-con e-child\" data-id=\"f9b56ca\" data-element_type=\"container\" data-e-type=\"container\" data-settings=\"{&quot;background_background&quot;:&quot;classic&quot;}\" href=\"https:\/\/www.casadesus.net\/es\/shop\/butacas\/alan\/\">\n\t\t\t\t<\/a>\n\t\t\t\t\t<\/div>\n\t\t\t\t<\/div>\n\t\t<div class=\"elementor-element elementor-element-7a657a2 e-flex e-con-boxed e-con e-parent\" data-id=\"7a657a2\" data-element_type=\"container\" data-e-type=\"container\">\n\t\t\t\t\t<div class=\"e-con-inner\">\n\t\t\t\t<div class=\"elementor-element elementor-element-66859ce elementor-widget__width-initial e-transform elementor-widget elementor-widget-text-editor\" data-id=\"66859ce\" data-element_type=\"widget\" data-e-type=\"widget\" data-settings=\"{&quot;_transform_scaleX_effect&quot;:{&quot;unit&quot;:&quot;px&quot;,&quot;size&quot;:&quot;&quot;,&quot;sizes&quot;:[]},&quot;_transform_scaleX_effect_tablet&quot;:{&quot;unit&quot;:&quot;px&quot;,&quot;size&quot;:&quot;&quot;,&quot;sizes&quot;:[]},&quot;_transform_scaleX_effect_mobile&quot;:{&quot;unit&quot;:&quot;px&quot;,&quot;size&quot;:&quot;&quot;,&quot;sizes&quot;:[]},&quot;_transform_scaleY_effect&quot;:{&quot;unit&quot;:&quot;px&quot;,&quot;size&quot;:&quot;&quot;,&quot;sizes&quot;:[]},&quot;_transform_scaleY_effect_tablet&quot;:{&quot;unit&quot;:&quot;px&quot;,&quot;size&quot;:&quot;&quot;,&quot;sizes&quot;:[]},&quot;_transform_scaleY_effect_mobile&quot;:{&quot;unit&quot;:&quot;px&quot;,&quot;size&quot;:&quot;&quot;,&quot;sizes&quot;:[]}}\" data-widget_type=\"text-editor.default\">\n\t\t\t\t<div class=\"elementor-widget-container\">\n\t\t\t\t\t\t\t\t\t<p>Alan es una butaca cuyos principios parten del dise\u00f1o m\u00e1s atemporal, su raz\u00f3n de ser, la comodidad y el confort. Sus f\u00e1ciles trazos de l\u00edneas redondeadas en todas sus esquinas le confieren un marcado car\u00e1cter envolvente, desprendiendo una imagen de elegancia y bella presencia. Sus patas, dulcemente contorneadas y redondeadas se integran f\u00e1cilmente en sus curvas estilizadas a\u00f1adiendo un perfecto detalle m\u00e1s a la misma. Con su amable pero fuerte personalidad, la butaca Alan se presenta como un elemento adaptable a cualquier tipo ambiente permitiendo ser incorporado a todo tipo estancias y proyectos ya sean estos residenciales o de contract.   <\/p>\t\t\t\t\t\t\t\t<\/div>\n\t\t\t\t<\/div>\n\t\t\t\t<div class=\"elementor-element elementor-element-c82049a elementor-widget__width-auto elementor-widget elementor-widget-text-editor\" data-id=\"c82049a\" data-element_type=\"widget\" data-e-type=\"widget\" data-widget_type=\"text-editor.default\">\n\t\t\t\t<div class=\"elementor-widget-container\">\n\t\t\t\t\t\t\t\t\t<p>ALAN<\/p>\t\t\t\t\t\t\t\t<\/div>\n\t\t\t\t<\/div>\n\t\t\t\t\t<\/div>\n\t\t\t\t<\/div>\n\t\t<div class=\"elementor-element elementor-element-86b6fe6 e-flex e-con-boxed e-con e-parent\" data-id=\"86b6fe6\" data-element_type=\"container\" data-e-type=\"container\">\n\t\t\t\t\t<div class=\"e-con-inner\">\n\t\t<a class=\"elementor-element elementor-element-67ce6ac e-con-full e-flex e-con e-child\" data-id=\"67ce6ac\" data-element_type=\"container\" data-e-type=\"container\" href=\"https:\/\/www.casadesus.net\/es\/shop\/camas\/alchemy\/\">\n\t\t<a class=\"elementor-element elementor-element-c219f47 e-con-full hoverboom e-flex e-con e-child\" data-id=\"c219f47\" data-element_type=\"container\" data-e-type=\"container\" data-settings=\"{&quot;background_background&quot;:&quot;classic&quot;}\" href=\"https:\/\/www.casadesus.net\/es\/shop\/camas\/dalia-copia\/\">\n\t\t\t\t<\/a>\n\t\t\t\t<\/a>\n\t\t\t\t\t<\/div>\n\t\t\t\t<\/div>\n\t\t<div class=\"elementor-element elementor-element-d69a909 e-flex e-con-boxed e-con e-parent\" data-id=\"d69a909\" data-element_type=\"container\" data-e-type=\"container\">\n\t\t\t\t\t<div class=\"e-con-inner\">\n\t\t\t\t<div class=\"elementor-element elementor-element-d839a74 elementor-widget__width-initial elementor-widget elementor-widget-text-editor\" data-id=\"d839a74\" data-element_type=\"widget\" data-e-type=\"widget\" data-widget_type=\"text-editor.default\">\n\t\t\t\t<div class=\"elementor-widget-container\">\n\t\t\t\t\t\t\t\t\t<p>YLEUM<\/p>\t\t\t\t\t\t\t\t<\/div>\n\t\t\t\t<\/div>\n\t\t\t\t<div class=\"elementor-element elementor-element-5cea89a elementor-widget elementor-widget-text-editor\" data-id=\"5cea89a\" data-element_type=\"widget\" data-e-type=\"widget\" data-widget_type=\"text-editor.default\">\n\t\t\t\t<div class=\"elementor-widget-container\">\n\t\t\t\t\t\t\t\t\t<p>Una cama imponente, elegante y de gran presencia. Sus l\u00edneas rectas pero finamente redondeas unidas a sus dimensiones la convierten en una cama protagonista en el lugar donde se ubique. El gran cabezal liso, \u00fanicamente alterado por una raya central horizontal, no hace m\u00e1s que resaltar la belleza de lo simple mediante el juego de sus adecuadas proporciones. As\u00ed mismo, el espesor curvado y robusto de su aro realza si cabe a\u00fan m\u00e1s su marcado car\u00e1cter, fuerte y elegante. Todo ello, permite disponer de una cama que se puede adaptar a todo tipo de ambientes, desde los m\u00e1s tradicionales hasta los m\u00e1s modernos. La cama Yleum se presenta en todo tipo de medidas para adaptarse a cualquier colch\u00f3n, adem\u00e1s permite la posibilidad de colocar arc\u00f3n.     <\/p>\t\t\t\t\t\t\t\t<\/div>\n\t\t\t\t<\/div>\n\t\t\t\t\t<\/div>\n\t\t\t\t<\/div>\n\t\t<div class=\"elementor-element elementor-element-ac9f93d e-flex e-con-boxed e-con e-parent\" data-id=\"ac9f93d\" data-element_type=\"container\" data-e-type=\"container\">\n\t\t\t\t\t<div class=\"e-con-inner\">\n\t\t\t\t<div class=\"elementor-element elementor-element-0ca9e63 elementor-widget elementor-widget-image\" data-id=\"0ca9e63\" data-element_type=\"widget\" data-e-type=\"widget\" data-widget_type=\"image.default\">\n\t\t\t\t<div class=\"elementor-widget-container\">\n\t\t\t\t\t\t\t\t\t\t\t\t\t\t\t\t<a href=\"https:\/\/www.casadesus.net\/es\/acabados\/\">\n\t\t\t\t\t\t\t<img fetchpriority=\"high\" decoding=\"async\" width=\"2290\" height=\"746\" src=\"https:\/\/www.casadesus.net\/wp-content\/uploads\/2026\/01\/Moodboards-web-2.jpg\" class=\"attachment-full size-full wp-image-7678\" alt=\"\" srcset=\"https:\/\/www.casadesus.net\/wp-content\/uploads\/2026\/01\/Moodboards-web-2.jpg 2290w, https:\/\/www.casadesus.net\/wp-content\/uploads\/2026\/01\/Moodboards-web-2-300x98.jpg 300w, https:\/\/www.casadesus.net\/wp-content\/uploads\/2026\/01\/Moodboards-web-2-1024x334.jpg 1024w, https:\/\/www.casadesus.net\/wp-content\/uploads\/2026\/01\/Moodboards-web-2-768x250.jpg 768w, https:\/\/www.casadesus.net\/wp-content\/uploads\/2026\/01\/Moodboards-web-2-1536x500.jpg 1536w, https:\/\/www.casadesus.net\/wp-content\/uploads\/2026\/01\/Moodboards-web-2-2048x667.jpg 2048w, https:\/\/www.casadesus.net\/wp-content\/uploads\/2026\/01\/Moodboards-web-2-600x195.jpg 600w\" sizes=\"(max-width: 2290px) 100vw, 2290px\" \/>\t\t\t\t\t\t\t\t<\/a>\n\t\t\t\t\t\t\t\t\t\t\t\t\t\t\t<\/div>\n\t\t\t\t<\/div>\n\t\t\t\t\t<\/div>\n\t\t\t\t<\/div>\n\t\t<div class=\"elementor-element elementor-element-f57a9dd e-flex e-con-boxed e-con e-parent\" data-id=\"f57a9dd\" data-element_type=\"container\" data-e-type=\"container\">\n\t\t\t\t\t<div class=\"e-con-inner\">\n\t\t\t\t<div class=\"elementor-element elementor-element-3ecc086 elementor-widget__width-auto elementor-widget elementor-widget-heading\" data-id=\"3ecc086\" data-element_type=\"widget\" data-e-type=\"widget\" data-widget_type=\"heading.default\">\n\t\t\t\t<div class=\"elementor-widget-container\">\n\t\t\t\t\t<h2 class=\"elementor-heading-title elementor-size-default\">MOODBOARDS<\/h2>\t\t\t\t<\/div>\n\t\t\t\t<\/div>\n\t\t<div class=\"elementor-element elementor-element-c389e36 e-con-full e-flex e-con e-child\" data-id=\"c389e36\" data-element_type=\"container\" data-e-type=\"container\">\n\t\t\t\t<div class=\"elementor-element elementor-element-8a7d6db elementor-widget elementor-widget-text-editor\" data-id=\"8a7d6db\" data-element_type=\"widget\" data-e-type=\"widget\" data-widget_type=\"text-editor.default\">\n\t\t\t\t<div class=\"elementor-widget-container\">\n\t\t\t\t\t\t\t\t\t<p>Descubre la nueva colecci\u00f3n de texturas, acabados met\u00e1licos y lacados, pensada para ofrecerte una amplia libertad creativa y ayudarte a crear la combinaci\u00f3n ideal de materiales y colores para tu proyecto m\u00e1s personal, cuidando cada detalle con precisi\u00f3n y equilibrio<\/p>\t\t\t\t\t\t\t\t<\/div>\n\t\t\t\t<\/div>\n\t\t\t\t<\/div>\n\t\t\t\t\t<\/div>\n\t\t\t\t<\/div>\n\t\t<div class=\"elementor-element elementor-element-f47d474 e-flex e-con-boxed e-con e-parent\" data-id=\"f47d474\" data-element_type=\"container\" data-e-type=\"container\">\n\t\t\t\t\t<div class=\"e-con-inner\">\n\t\t<div class=\"elementor-element elementor-element-3e4f8fc e-con-full e-flex e-con e-child\" data-id=\"3e4f8fc\" data-element_type=\"container\" data-e-type=\"container\">\n\t\t\t\t<div class=\"elementor-element elementor-element-d44ca0c elementor-position-top elementor-widget elementor-widget-image-box\" data-id=\"d44ca0c\" data-element_type=\"widget\" data-e-type=\"widget\" data-widget_type=\"image-box.default\">\n\t\t\t\t<div class=\"elementor-widget-container\">\n\t\t\t\t\t<div class=\"elementor-image-box-wrapper\"><figure class=\"elementor-image-box-img\"><a href=\"https:\/\/www.dropbox.com\/scl\/fi\/fwaf04negvh0g3bf5d1bl\/CasaDesus-New-Collection-2024.pdf?rlkey=2b4bgeoqnmqqluodes79y2ehx&#038;st=jljb0lfd&#038;dl=0\" target=\"_blank\" tabindex=\"-1\"><img decoding=\"async\" width=\"591\" height=\"757\" src=\"https:\/\/www.casadesus.net\/wp-content\/uploads\/2025\/03\/cat_2024.jpg\" class=\"attachment-full size-full wp-image-2353\" alt=\"\" srcset=\"https:\/\/www.casadesus.net\/wp-content\/uploads\/2025\/03\/cat_2024.jpg 591w, https:\/\/www.casadesus.net\/wp-content\/uploads\/2025\/03\/cat_2024-234x300.jpg 234w\" sizes=\"(max-width: 591px) 100vw, 591px\" \/><\/a><\/figure><div class=\"elementor-image-box-content\"><h3 class=\"elementor-image-box-title\"><a href=\"https:\/\/www.dropbox.com\/scl\/fi\/fwaf04negvh0g3bf5d1bl\/CasaDesus-New-Collection-2024.pdf?rlkey=2b4bgeoqnmqqluodes79y2ehx&#038;st=jljb0lfd&#038;dl=0\" target=\"_blank\">COLLECTION 2024<\/a><\/h3><\/div><\/div>\t\t\t\t<\/div>\n\t\t\t\t<\/div>\n\t\t\t\t<\/div>\n\t\t<div class=\"elementor-element elementor-element-64d0d95 e-con-full e-flex e-con e-child\" data-id=\"64d0d95\" data-element_type=\"container\" data-e-type=\"container\">\n\t\t\t\t<div class=\"elementor-element elementor-element-65e7ea2 elementor-position-top elementor-widget elementor-widget-image-box\" data-id=\"65e7ea2\" data-element_type=\"widget\" data-e-type=\"widget\" data-widget_type=\"image-box.default\">\n\t\t\t\t<div class=\"elementor-widget-container\">\n\t\t\t\t\t<div class=\"elementor-image-box-wrapper\"><figure class=\"elementor-image-box-img\"><a href=\"https:\/\/www.dropbox.com\/scl\/fi\/yzkckmckndnz41lkx2o82\/CasaDesus-SEATING-SYSTEMS.pdf?rlkey=bftqxwv42krj8glxpbnj03sam&#038;st=2of6hk6k&#038;dl=0\" target=\"_blank\" tabindex=\"-1\"><img decoding=\"async\" width=\"591\" height=\"757\" src=\"https:\/\/www.casadesus.net\/wp-content\/uploads\/2025\/12\/PORTADA-2022-G1.jpg\" class=\"attachment-full size-full wp-image-7645\" alt=\"\" srcset=\"https:\/\/www.casadesus.net\/wp-content\/uploads\/2025\/12\/PORTADA-2022-G1.jpg 591w, https:\/\/www.casadesus.net\/wp-content\/uploads\/2025\/12\/PORTADA-2022-G1-234x300.jpg 234w\" sizes=\"(max-width: 591px) 100vw, 591px\" \/><\/a><\/figure><div class=\"elementor-image-box-content\"><h3 class=\"elementor-image-box-title\"><a href=\"https:\/\/www.dropbox.com\/scl\/fi\/yzkckmckndnz41lkx2o82\/CasaDesus-SEATING-SYSTEMS.pdf?rlkey=bftqxwv42krj8glxpbnj03sam&#038;st=2of6hk6k&#038;dl=0\" target=\"_blank\">COLECCI\u00d3N 2022<\/a><\/h3><\/div><\/div>\t\t\t\t<\/div>\n\t\t\t\t<\/div>\n\t\t\t\t<\/div>\n\t\t<div class=\"elementor-element elementor-element-b915814 e-con-full e-flex e-con e-child\" data-id=\"b915814\" data-element_type=\"container\" data-e-type=\"container\">\n\t\t\t\t<div class=\"elementor-element elementor-element-9d46ddd elementor-position-top elementor-widget elementor-widget-image-box\" data-id=\"9d46ddd\" data-element_type=\"widget\" data-e-type=\"widget\" data-widget_type=\"image-box.default\">\n\t\t\t\t<div class=\"elementor-widget-container\">\n\t\t\t\t\t<div class=\"elementor-image-box-wrapper\"><figure class=\"elementor-image-box-img\"><a href=\"https:\/\/www.dropbox.com\/scl\/fi\/ht4uou9g1ap77251fy15t\/CasaDesus-ARMCHAIRS-OTHER-FURNITURE.pdf?rlkey=arfg489e64dg8q8guwb2r63fj&#038;st=89n6o67n&#038;dl=0\" target=\"_blank\" tabindex=\"-1\"><img loading=\"lazy\" decoding=\"async\" width=\"591\" height=\"754\" src=\"https:\/\/www.casadesus.net\/wp-content\/uploads\/2025\/12\/portada-2022-2g.jpg\" class=\"attachment-full size-full wp-image-7646\" alt=\"\" srcset=\"https:\/\/www.casadesus.net\/wp-content\/uploads\/2025\/12\/portada-2022-2g.jpg 591w, https:\/\/www.casadesus.net\/wp-content\/uploads\/2025\/12\/portada-2022-2g-235x300.jpg 235w\" sizes=\"(max-width: 591px) 100vw, 591px\" \/><\/a><\/figure><div class=\"elementor-image-box-content\"><h3 class=\"elementor-image-box-title\"><a href=\"https:\/\/www.dropbox.com\/scl\/fi\/ht4uou9g1ap77251fy15t\/CasaDesus-ARMCHAIRS-OTHER-FURNITURE.pdf?rlkey=arfg489e64dg8q8guwb2r63fj&#038;st=89n6o67n&#038;dl=0\" target=\"_blank\">COLECCI\u00d3N 2022<\/a><\/h3><\/div><\/div>\t\t\t\t<\/div>\n\t\t\t\t<\/div>\n\t\t\t\t<\/div>\n\t\t\t\t\t<\/div>\n\t\t\t\t<\/div>\n\t\t<div class=\"elementor-element elementor-element-b405bb0 e-flex e-con-boxed e-con e-parent\" data-id=\"b405bb0\" data-element_type=\"container\" data-e-type=\"container\">\n\t\t\t\t\t<div class=\"e-con-inner\">\n\t\t\t\t<div class=\"elementor-element elementor-element-3d9e526 elementor-align-center elementor-widget__width-initial elementor-widget elementor-widget-button\" data-id=\"3d9e526\" data-element_type=\"widget\" data-e-type=\"widget\" data-widget_type=\"button.default\">\n\t\t\t\t<div class=\"elementor-widget-container\">\n\t\t\t\t\t\t\t\t\t<div class=\"elementor-button-wrapper\">\n\t\t\t\t\t<a class=\"elementor-button elementor-button-link elementor-size-sm\" href=\"https:\/\/www.casadesus.net\/es\/catalogos\/\">\n\t\t\t\t\t\t<span class=\"elementor-button-content-wrapper\">\n\t\t\t\t\t\t\t\t\t<span class=\"elementor-button-text\">Ver Todo<\/span>\n\t\t\t\t\t<\/span>\n\t\t\t\t\t<\/a>\n\t\t\t\t<\/div>\n\t\t\t\t\t\t\t\t<\/div>\n\t\t\t\t<\/div>\n\t\t\t\t\t<\/div>\n\t\t\t\t<\/div>\n\t\t<div class=\"elementor-element elementor-element-04c3bda e-flex e-con-boxed e-con e-parent\" data-id=\"04c3bda\" data-element_type=\"container\" data-e-type=\"container\">\n\t\t\t\t\t<div class=\"e-con-inner\">\n\t\t\t\t<div class=\"elementor-element elementor-element-583a872 elementor-widget elementor-widget-heading\" data-id=\"583a872\" data-element_type=\"widget\" data-e-type=\"widget\" data-widget_type=\"heading.default\">\n\t\t\t\t<div class=\"elementor-widget-container\">\n\t\t\t\t\t<h2 class=\"elementor-heading-title elementor-size-default\">CAT\u00c1LOGOS<\/h2>\t\t\t\t<\/div>\n\t\t\t\t<\/div>\n\t\t\t\t<div class=\"elementor-element elementor-element-0fe9388 elementor-widget elementor-widget-heading\" data-id=\"0fe9388\" data-element_type=\"widget\" data-e-type=\"widget\" data-widget_type=\"heading.default\">\n\t\t\t\t<div class=\"elementor-widget-container\">\n\t\t\t\t\t<p class=\"elementor-heading-title elementor-size-default\">Nuestras colecciones se integran con naturalidad en proyectos contempor\u00e1neos y entornos arquitect\u00f3nicos de alto nivel, aportando equilibrio, car\u00e1cter y sofisticaci\u00f3n a cada ambiente, con opciones de configuraci\u00f3n y acabados pensadas para adaptarse a cada espacio.Le invitamos a descubrir nuestro cat\u00e1logo de im\u00e1genes y explorar sof\u00e1s creados para interiores exigentes, donde el dise\u00f1o, la calidad y la atenci\u00f3n al detalle son protagonistas. <\/p>\t\t\t\t<\/div>\n\t\t\t\t<\/div>\n\t\t\t\t\t<\/div>\n\t\t\t\t<\/div>\n\t\t<div class=\"elementor-element elementor-element-cd817f4 e-flex e-con-boxed e-con e-parent\" data-id=\"cd817f4\" data-element_type=\"container\" data-e-type=\"container\">\n\t\t\t\t\t<div class=\"e-con-inner\">\n\t\t\t\t<div class=\"elementor-element elementor-element-da019bb elementor-widget elementor-widget-image\" data-id=\"da019bb\" data-element_type=\"widget\" data-e-type=\"widget\" data-widget_type=\"image.default\">\n\t\t\t\t<div class=\"elementor-widget-container\">\n\t\t\t\t\t\t\t\t\t\t\t\t\t\t\t<img loading=\"lazy\" decoding=\"async\" width=\"500\" height=\"50\" src=\"https:\/\/www.casadesus.net\/wp-content\/uploads\/2026\/02\/cofinanciado-ue-hacienda-fondos-europeos-500x50-1.jpg\" class=\"attachment-large size-large wp-image-7822\" alt=\"\" srcset=\"https:\/\/www.casadesus.net\/wp-content\/uploads\/2026\/02\/cofinanciado-ue-hacienda-fondos-europeos-500x50-1.jpg 500w, https:\/\/www.casadesus.net\/wp-content\/uploads\/2026\/02\/cofinanciado-ue-hacienda-fondos-europeos-500x50-1-300x30.jpg 300w\" sizes=\"(max-width: 500px) 100vw, 500px\" \/>\t\t\t\t\t\t\t\t\t\t\t\t\t\t\t<\/div>\n\t\t\t\t<\/div>\n\t\t\t\t<div class=\"elementor-element elementor-element-f896522 elementor-widget elementor-widget-text-editor\" data-id=\"f896522\" data-element_type=\"widget\" data-e-type=\"widget\" data-widget_type=\"text-editor.default\">\n\t\t\t\t<div class=\"elementor-widget-container\">\n\t\t\t\t\t\t\t\t\t<p>CASADESUS Y CABRERO S.A. ha participado en el Programa de Iniciaci\u00f3n a la Exportaci\u00f3n ICEX-Next, y ha contado con el apoyo de ICEX, as\u00ed como con la cofinanciaci\u00f3n de Fondos europeos FEDER, habiendo contribuido seg\u00fan la medida de los mismos, al crecimiento econ\u00f3mico de esta empresa, su regi\u00f3n y de Espa\u00f1a en su conjunto.<\/p>\t\t\t\t\t\t\t\t<\/div>\n\t\t\t\t<\/div>\n\t\t\t\t\t<\/div>\n\t\t\t\t<\/div>\n\t\t\t\t<\/div>\n\t\t","protected":false},"excerpt":{"rendered":"<p>MALIB\u00da El sistema de asientos Malib\u00fa se caracteriza por ser un programa de m\u00f3dulos individuales de robusta y bella presencia formal que presentan distintas medidas en cuanto a anchuras y profundidades. Cada m\u00f3dulo posee un brazo y\/o un respaldo con el mismo dise\u00f1o, lo que permite relacionar entre s\u00ed a todos ellos para crear cualquier [&hellip;]<\/p>\n","protected":false},"author":1,"featured_media":0,"parent":0,"menu_order":0,"comment_status":"closed","ping_status":"closed","template":"","meta":{"_acf_changed":false,"footnotes":""},"class_list":["post-7682","page","type-page","status-publish","hentry"],"acf":[],"yoast_head":"<!-- This site is optimized with the Yoast SEO plugin v28.3 - https:\/\/yoast.com\/product\/yoast-seo-wordpress\/ -->\n<title>CasaDes\u00fas - Furniture Design Barcelona<\/title>\n<meta name=\"description\" content=\"Fabricantes de muebles y sof\u00e1s de lujo en Barcelona desde 1973. Controlamos todo el proceso artesanal para ofrecer piezas \u00fanicas y personalizadas.\" \/>\n<meta name=\"robots\" content=\"index, follow, max-snippet:-1, max-image-preview:large, max-video-preview:-1\" \/>\n<link rel=\"canonical\" href=\"https:\/\/www.casadesus.net\/es\/\" \/>\n<meta property=\"og:locale\" content=\"es_ES\" \/>\n<meta property=\"og:type\" content=\"article\" \/>\n<meta property=\"og:title\" content=\"CasaDes\u00fas - Furniture Design Barcelona\" \/>\n<meta property=\"og:description\" content=\"Fabricantes de muebles y sof\u00e1s de lujo en Barcelona desde 1973. Controlamos todo el proceso artesanal para ofrecer piezas \u00fanicas y personalizadas.\" \/>\n<meta property=\"og:url\" content=\"https:\/\/www.casadesus.net\/es\/\" \/>\n<meta property=\"og:site_name\" content=\"CasaDes\u00fas - Furniture Design Barcelona\" \/>\n<meta property=\"article:modified_time\" content=\"2026-07-16T15:53:53+00:00\" \/>\n<meta property=\"og:image\" content=\"https:\/\/www.casadesus.net\/wp-content\/uploads\/2026\/01\/alchemy-home-n_minshare.jpg\" \/>\n<meta name=\"twitter:card\" content=\"summary_large_image\" \/>\n<script type=\"application\/ld+json\" class=\"yoast-schema-graph\">{\"@context\":\"https:\\\/\\\/schema.org\",\"@graph\":[{\"@type\":\"WebPage\",\"@id\":\"https:\\\/\\\/www.casadesus.net\\\/es\\\/\",\"url\":\"https:\\\/\\\/www.casadesus.net\\\/es\\\/\",\"name\":\"CasaDes\u00fas - Furniture Design Barcelona\",\"isPartOf\":{\"@id\":\"https:\\\/\\\/www.casadesus.net\\\/es\\\/#website\"},\"primaryImageOfPage\":{\"@id\":\"https:\\\/\\\/www.casadesus.net\\\/es\\\/#primaryimage\"},\"image\":{\"@id\":\"https:\\\/\\\/www.casadesus.net\\\/es\\\/#primaryimage\"},\"thumbnailUrl\":\"https:\\\/\\\/www.casadesus.net\\\/wp-content\\\/uploads\\\/2026\\\/01\\\/Moodboards-web-2.jpg\",\"datePublished\":\"2024-11-13T13:42:42+00:00\",\"dateModified\":\"2026-07-16T15:53:53+00:00\",\"description\":\"Fabricantes de muebles y sof\u00e1s de lujo en Barcelona desde 1973. Controlamos todo el proceso artesanal para ofrecer piezas \u00fanicas y personalizadas.\",\"breadcrumb\":{\"@id\":\"https:\\\/\\\/www.casadesus.net\\\/es\\\/#breadcrumb\"},\"inLanguage\":\"es\",\"potentialAction\":[{\"@type\":\"ReadAction\",\"target\":[\"https:\\\/\\\/www.casadesus.net\\\/es\\\/\"]}]},{\"@type\":\"ImageObject\",\"inLanguage\":\"es\",\"@id\":\"https:\\\/\\\/www.casadesus.net\\\/es\\\/#primaryimage\",\"url\":\"https:\\\/\\\/www.casadesus.net\\\/wp-content\\\/uploads\\\/2026\\\/01\\\/Moodboards-web-2.jpg\",\"contentUrl\":\"https:\\\/\\\/www.casadesus.net\\\/wp-content\\\/uploads\\\/2026\\\/01\\\/Moodboards-web-2.jpg\"},{\"@type\":\"BreadcrumbList\",\"@id\":\"https:\\\/\\\/www.casadesus.net\\\/es\\\/#breadcrumb\",\"itemListElement\":[{\"@type\":\"ListItem\",\"position\":1,\"name\":\"Home\",\"item\":\"https:\\\/\\\/www.casadesus.net\\\/es\\\/\"},{\"@type\":\"ListItem\",\"position\":2,\"name\":\"Home\"}]},{\"@type\":\"WebSite\",\"@id\":\"https:\\\/\\\/www.casadesus.net\\\/es\\\/#website\",\"url\":\"https:\\\/\\\/www.casadesus.net\\\/es\\\/\",\"name\":\"CasaDes\u00fas - Furniture Design Barcelona\",\"description\":\"Dise\u00f1o, fabricaci\u00f3n y comercializaci\u00f3n de sof\u00e1s, sillones y m\u00e1s recientemente mobiliario en general\",\"publisher\":{\"@id\":\"https:\\\/\\\/www.casadesus.net\\\/es\\\/#organization\"},\"potentialAction\":[{\"@type\":\"SearchAction\",\"target\":{\"@type\":\"EntryPoint\",\"urlTemplate\":\"https:\\\/\\\/www.casadesus.net\\\/es\\\/?s={search_term_string}\"},\"query-input\":{\"@type\":\"PropertyValueSpecification\",\"valueRequired\":true,\"valueName\":\"search_term_string\"}}],\"inLanguage\":\"es\"},{\"@type\":\"Organization\",\"@id\":\"https:\\\/\\\/www.casadesus.net\\\/es\\\/#organization\",\"name\":\"CasaDes\u00fas - Furniture Design Barcelona\",\"url\":\"https:\\\/\\\/www.casadesus.net\\\/es\\\/\",\"logo\":{\"@type\":\"ImageObject\",\"inLanguage\":\"es\",\"@id\":\"https:\\\/\\\/www.casadesus.net\\\/es\\\/#\\\/schema\\\/logo\\\/image\\\/\",\"url\":\"https:\\\/\\\/www.casadesus.net\\\/wp-content\\\/uploads\\\/2024\\\/11\\\/logo_casadesus_white.jpg\",\"contentUrl\":\"https:\\\/\\\/www.casadesus.net\\\/wp-content\\\/uploads\\\/2024\\\/11\\\/logo_casadesus_white.jpg\",\"width\":866,\"height\":99,\"caption\":\"CasaDes\u00fas - Furniture Design Barcelona\"},\"image\":{\"@id\":\"https:\\\/\\\/www.casadesus.net\\\/es\\\/#\\\/schema\\\/logo\\\/image\\\/\"}}]}<\/script>\n<!-- \/ Yoast SEO plugin. -->","yoast_head_json":{"title":"CasaDes\u00fas - Furniture Design Barcelona","description":"Fabricantes de muebles y sof\u00e1s de lujo en Barcelona desde 1973. Controlamos todo el proceso artesanal para ofrecer piezas \u00fanicas y personalizadas.","robots":{"index":"index","follow":"follow","max-snippet":"max-snippet:-1","max-image-preview":"max-image-preview:large","max-video-preview":"max-video-preview:-1"},"canonical":"https:\/\/www.casadesus.net\/es\/","og_locale":"es_ES","og_type":"article","og_title":"CasaDes\u00fas - Furniture Design Barcelona","og_description":"Fabricantes de muebles y sof\u00e1s de lujo en Barcelona desde 1973. Controlamos todo el proceso artesanal para ofrecer piezas \u00fanicas y personalizadas.","og_url":"https:\/\/www.casadesus.net\/es\/","og_site_name":"CasaDes\u00fas - Furniture Design Barcelona","article_modified_time":"2026-07-16T15:53:53+00:00","og_image":[{"url":"https:\/\/www.casadesus.net\/wp-content\/uploads\/2026\/01\/alchemy-home-n_minshare.jpg","type":"","width":"","height":""}],"twitter_card":"summary_large_image","schema":{"@context":"https:\/\/schema.org","@graph":[{"@type":"WebPage","@id":"https:\/\/www.casadesus.net\/es\/","url":"https:\/\/www.casadesus.net\/es\/","name":"CasaDes\u00fas - Furniture Design Barcelona","isPartOf":{"@id":"https:\/\/www.casadesus.net\/es\/#website"},"primaryImageOfPage":{"@id":"https:\/\/www.casadesus.net\/es\/#primaryimage"},"image":{"@id":"https:\/\/www.casadesus.net\/es\/#primaryimage"},"thumbnailUrl":"https:\/\/www.casadesus.net\/wp-content\/uploads\/2026\/01\/Moodboards-web-2.jpg","datePublished":"2024-11-13T13:42:42+00:00","dateModified":"2026-07-16T15:53:53+00:00","description":"Fabricantes de muebles y sof\u00e1s de lujo en Barcelona desde 1973. Controlamos todo el proceso artesanal para ofrecer piezas \u00fanicas y personalizadas.","breadcrumb":{"@id":"https:\/\/www.casadesus.net\/es\/#breadcrumb"},"inLanguage":"es","potentialAction":[{"@type":"ReadAction","target":["https:\/\/www.casadesus.net\/es\/"]}]},{"@type":"ImageObject","inLanguage":"es","@id":"https:\/\/www.casadesus.net\/es\/#primaryimage","url":"https:\/\/www.casadesus.net\/wp-content\/uploads\/2026\/01\/Moodboards-web-2.jpg","contentUrl":"https:\/\/www.casadesus.net\/wp-content\/uploads\/2026\/01\/Moodboards-web-2.jpg"},{"@type":"BreadcrumbList","@id":"https:\/\/www.casadesus.net\/es\/#breadcrumb","itemListElement":[{"@type":"ListItem","position":1,"name":"Home","item":"https:\/\/www.casadesus.net\/es\/"},{"@type":"ListItem","position":2,"name":"Home"}]},{"@type":"WebSite","@id":"https:\/\/www.casadesus.net\/es\/#website","url":"https:\/\/www.casadesus.net\/es\/","name":"CasaDes\u00fas - Furniture Design Barcelona","description":"Dise\u00f1o, fabricaci\u00f3n y comercializaci\u00f3n de sof\u00e1s, sillones y m\u00e1s recientemente mobiliario en general","publisher":{"@id":"https:\/\/www.casadesus.net\/es\/#organization"},"potentialAction":[{"@type":"SearchAction","target":{"@type":"EntryPoint","urlTemplate":"https:\/\/www.casadesus.net\/es\/?s={search_term_string}"},"query-input":{"@type":"PropertyValueSpecification","valueRequired":true,"valueName":"search_term_string"}}],"inLanguage":"es"},{"@type":"Organization","@id":"https:\/\/www.casadesus.net\/es\/#organization","name":"CasaDes\u00fas - Furniture Design Barcelona","url":"https:\/\/www.casadesus.net\/es\/","logo":{"@type":"ImageObject","inLanguage":"es","@id":"https:\/\/www.casadesus.net\/es\/#\/schema\/logo\/image\/","url":"https:\/\/www.casadesus.net\/wp-content\/uploads\/2024\/11\/logo_casadesus_white.jpg","contentUrl":"https:\/\/www.casadesus.net\/wp-content\/uploads\/2024\/11\/logo_casadesus_white.jpg","width":866,"height":99,"caption":"CasaDes\u00fas - Furniture Design Barcelona"},"image":{"@id":"https:\/\/www.casadesus.net\/es\/#\/schema\/logo\/image\/"}}]}},"_links":{"self":[{"href":"https:\/\/www.casadesus.net\/es\/wp-json\/wp\/v2\/pages\/7682","targetHints":{"allow":["GET"]}}],"collection":[{"href":"https:\/\/www.casadesus.net\/es\/wp-json\/wp\/v2\/pages"}],"about":[{"href":"https:\/\/www.casadesus.net\/es\/wp-json\/wp\/v2\/types\/page"}],"author":[{"embeddable":true,"href":"https:\/\/www.casadesus.net\/es\/wp-json\/wp\/v2\/users\/1"}],"replies":[{"embeddable":true,"href":"https:\/\/www.casadesus.net\/es\/wp-json\/wp\/v2\/comments?post=7682"}],"version-history":[{"count":8,"href":"https:\/\/www.casadesus.net\/es\/wp-json\/wp\/v2\/pages\/7682\/revisions"}],"predecessor-version":[{"id":8758,"href":"https:\/\/www.casadesus.net\/es\/wp-json\/wp\/v2\/pages\/7682\/revisions\/8758"}],"wp:attachment":[{"href":"https:\/\/www.casadesus.net\/es\/wp-json\/wp\/v2\/media?parent=7682"}],"curies":[{"name":"wp","href":"https:\/\/api.w.org\/{rel}","templated":true}]}}