{"id":7792,"date":"2018-05-12T13:13:12","date_gmt":"2018-05-12T11:13:12","guid":{"rendered":"https:\/\/www.casadesus.net\/shop\/sin categor\u00eda\/helen\/"},"modified":"2018-05-12T13:13:12","modified_gmt":"2018-05-12T11:13:12","slug":"helen","status":"publish","type":"product","link":"https:\/\/www.casadesus.net\/es\/shop\/camas\/helen\/","title":{"rendered":"Helen"},"content":{"rendered":"<p>La colecci\u00f3n de camas Helen se presentan como una serie de camas frescas, puras, sin ning\u00fan tipo de sofisticaci\u00f3n o de elementos superfluos. El fino detalle de costura acolchada que presentan el cabezal y el aro es aquello que la hace m\u00e1s acogedora y c\u00e1lida. La delgadez del cabezal, as\u00ed como del aro de la misma permite adaptarla a los espacios m\u00e1s reducidos donde ciertas dimensiones son limitadas. La cama Helen se presenta en todo tipo de medidas para adaptarse a cualquier colch\u00f3n, adem\u00e1s permite la regulaci\u00f3n interna en altura del colch\u00f3n respecto al aro de la misma, de modo que siempre podemos ajustar de la mejor manera la cama al colch\u00f3n y somier seleccionado. Adem\u00e1s, presenta tambi\u00e9n la posibilidad de colocaci\u00f3n de arc\u00f3n para distintas medidas de colchones.    <\/p>\n","protected":false},"excerpt":{"rendered":"<p>La colecci\u00f3n de camas Helen se presentan como una serie de camas frescas, puras, sin ning\u00fan tipo de sofisticaci\u00f3n o de elementos superfluos. El fino detalle de costura acolchada que presentan el cabezal y el aro es aquello que la hace m\u00e1s acogedora y c\u00e1lida. La delgadez del cabezal, as\u00ed como del aro de la [&hellip;]<\/p>\n","protected":false},"featured_media":5528,"template":"","meta":{"_acf_changed":false},"product_brand":[],"product_cat":[251],"product_tag":[],"class_list":{"0":"post-7792","1":"product","2":"type-product","3":"status-publish","4":"has-post-thumbnail","6":"product_cat-camas","8":"first","9":"instock","10":"shipping-taxable","11":"product-type-simple"},"acf":[],"yoast_head":"<!-- This site is optimized with the Yoast SEO plugin v26.9 - https:\/\/yoast.com\/product\/yoast-seo-wordpress\/ -->\n<title>Helen - CasaDes\u00fas - Furniture Design Barcelona<\/title>\n<meta name=\"robots\" content=\"index, follow, max-snippet:-1, max-image-preview:large, max-video-preview:-1\" \/>\n<link rel=\"canonical\" href=\"https:\/\/www.casadesus.net\/es\/shop\/camas\/helen\/\" \/>\n<meta property=\"og:locale\" content=\"es_ES\" \/>\n<meta property=\"og:type\" content=\"article\" \/>\n<meta property=\"og:title\" content=\"Helen - CasaDes\u00fas - Furniture Design Barcelona\" \/>\n<meta property=\"og:description\" content=\"La colecci\u00f3n de camas Helen se presentan como una serie de camas frescas, puras, sin ning\u00fan tipo de sofisticaci\u00f3n o de elementos superfluos. El fino detalle de costura acolchada que presentan el cabezal y el aro es aquello que la hace m\u00e1s acogedora y c\u00e1lida. La delgadez del cabezal, as\u00ed como del aro de la [&hellip;]\" \/>\n<meta property=\"og:url\" content=\"https:\/\/www.casadesus.net\/es\/shop\/camas\/helen\/\" \/>\n<meta property=\"og:site_name\" content=\"CasaDes\u00fas - Furniture Design Barcelona\" \/>\n<meta property=\"og:image\" content=\"https:\/\/www.casadesus.net\/wp-content\/uploads\/2025\/05\/HELEN-N-1.jpg\" \/>\n\t<meta property=\"og:image:width\" content=\"1500\" \/>\n\t<meta property=\"og:image:height\" content=\"500\" \/>\n\t<meta property=\"og:image:type\" content=\"image\/jpeg\" \/>\n<meta name=\"twitter:card\" content=\"summary_large_image\" \/>\n<script type=\"application\/ld+json\" class=\"yoast-schema-graph\">{\"@context\":\"https:\/\/schema.org\",\"@graph\":[{\"@type\":\"WebPage\",\"@id\":\"https:\/\/www.casadesus.net\/es\/shop\/camas\/helen\/\",\"url\":\"https:\/\/www.casadesus.net\/es\/shop\/camas\/helen\/\",\"name\":\"Helen - CasaDes\u00fas - Furniture Design Barcelona\",\"isPartOf\":{\"@id\":\"https:\/\/www.casadesus.net\/es\/#website\"},\"primaryImageOfPage\":{\"@id\":\"https:\/\/www.casadesus.net\/es\/shop\/camas\/helen\/#primaryimage\"},\"image\":{\"@id\":\"https:\/\/www.casadesus.net\/es\/shop\/camas\/helen\/#primaryimage\"},\"thumbnailUrl\":\"https:\/\/www.casadesus.net\/wp-content\/uploads\/2025\/05\/HELEN-N-1.jpg\",\"datePublished\":\"2018-05-12T11:13:12+00:00\",\"breadcrumb\":{\"@id\":\"https:\/\/www.casadesus.net\/es\/shop\/camas\/helen\/#breadcrumb\"},\"inLanguage\":\"es\",\"potentialAction\":[{\"@type\":\"ReadAction\",\"target\":[\"https:\/\/www.casadesus.net\/es\/shop\/camas\/helen\/\"]}]},{\"@type\":\"ImageObject\",\"inLanguage\":\"es\",\"@id\":\"https:\/\/www.casadesus.net\/es\/shop\/camas\/helen\/#primaryimage\",\"url\":\"https:\/\/www.casadesus.net\/wp-content\/uploads\/2025\/05\/HELEN-N-1.jpg\",\"contentUrl\":\"https:\/\/www.casadesus.net\/wp-content\/uploads\/2025\/05\/HELEN-N-1.jpg\",\"width\":1500,\"height\":500},{\"@type\":\"BreadcrumbList\",\"@id\":\"https:\/\/www.casadesus.net\/es\/shop\/camas\/helen\/#breadcrumb\",\"itemListElement\":[{\"@type\":\"ListItem\",\"position\":1,\"name\":\"Home\",\"item\":\"https:\/\/www.casadesus.net\/es\/home\/\"},{\"@type\":\"ListItem\",\"position\":2,\"name\":\"Productos\",\"item\":\"https:\/\/www.casadesus.net\/es\/shop\/\"},{\"@type\":\"ListItem\",\"position\":3,\"name\":\"Helen\"}]},{\"@type\":\"WebSite\",\"@id\":\"https:\/\/www.casadesus.net\/es\/#website\",\"url\":\"https:\/\/www.casadesus.net\/es\/\",\"name\":\"CasaDes\u00fas - Furniture Design Barcelona\",\"description\":\"Dise\u00f1o, fabricaci\u00f3n y comercializaci\u00f3n de sof\u00e1s, sillones y m\u00e1s recientemente mobiliario en general\",\"publisher\":{\"@id\":\"https:\/\/www.casadesus.net\/es\/#organization\"},\"potentialAction\":[{\"@type\":\"SearchAction\",\"target\":{\"@type\":\"EntryPoint\",\"urlTemplate\":\"https:\/\/www.casadesus.net\/es\/?s={search_term_string}\"},\"query-input\":{\"@type\":\"PropertyValueSpecification\",\"valueRequired\":true,\"valueName\":\"search_term_string\"}}],\"inLanguage\":\"es\"},{\"@type\":\"Organization\",\"@id\":\"https:\/\/www.casadesus.net\/es\/#organization\",\"name\":\"CasaDes\u00fas - Furniture Design Barcelona\",\"url\":\"https:\/\/www.casadesus.net\/es\/\",\"logo\":{\"@type\":\"ImageObject\",\"inLanguage\":\"es\",\"@id\":\"https:\/\/www.casadesus.net\/es\/#\/schema\/logo\/image\/\",\"url\":\"https:\/\/www.casadesus.net\/wp-content\/uploads\/2024\/11\/logo_casadesus_white.jpg\",\"contentUrl\":\"https:\/\/www.casadesus.net\/wp-content\/uploads\/2024\/11\/logo_casadesus_white.jpg\",\"width\":866,\"height\":99,\"caption\":\"CasaDes\u00fas - Furniture Design Barcelona\"},\"image\":{\"@id\":\"https:\/\/www.casadesus.net\/es\/#\/schema\/logo\/image\/\"}}]}<\/script>\n<!-- \/ Yoast SEO plugin. -->","yoast_head_json":{"title":"Helen - CasaDes\u00fas - Furniture Design Barcelona","robots":{"index":"index","follow":"follow","max-snippet":"max-snippet:-1","max-image-preview":"max-image-preview:large","max-video-preview":"max-video-preview:-1"},"canonical":"https:\/\/www.casadesus.net\/es\/shop\/camas\/helen\/","og_locale":"es_ES","og_type":"article","og_title":"Helen - CasaDes\u00fas - Furniture Design Barcelona","og_description":"La colecci\u00f3n de camas Helen se presentan como una serie de camas frescas, puras, sin ning\u00fan tipo de sofisticaci\u00f3n o de elementos superfluos. El fino detalle de costura acolchada que presentan el cabezal y el aro es aquello que la hace m\u00e1s acogedora y c\u00e1lida. La delgadez del cabezal, as\u00ed como del aro de la [&hellip;]","og_url":"https:\/\/www.casadesus.net\/es\/shop\/camas\/helen\/","og_site_name":"CasaDes\u00fas - Furniture Design Barcelona","og_image":[{"width":1500,"height":500,"url":"https:\/\/www.casadesus.net\/wp-content\/uploads\/2025\/05\/HELEN-N-1.jpg","type":"image\/jpeg"}],"twitter_card":"summary_large_image","schema":{"@context":"https:\/\/schema.org","@graph":[{"@type":"WebPage","@id":"https:\/\/www.casadesus.net\/es\/shop\/camas\/helen\/","url":"https:\/\/www.casadesus.net\/es\/shop\/camas\/helen\/","name":"Helen - CasaDes\u00fas - Furniture Design Barcelona","isPartOf":{"@id":"https:\/\/www.casadesus.net\/es\/#website"},"primaryImageOfPage":{"@id":"https:\/\/www.casadesus.net\/es\/shop\/camas\/helen\/#primaryimage"},"image":{"@id":"https:\/\/www.casadesus.net\/es\/shop\/camas\/helen\/#primaryimage"},"thumbnailUrl":"https:\/\/www.casadesus.net\/wp-content\/uploads\/2025\/05\/HELEN-N-1.jpg","datePublished":"2018-05-12T11:13:12+00:00","breadcrumb":{"@id":"https:\/\/www.casadesus.net\/es\/shop\/camas\/helen\/#breadcrumb"},"inLanguage":"es","potentialAction":[{"@type":"ReadAction","target":["https:\/\/www.casadesus.net\/es\/shop\/camas\/helen\/"]}]},{"@type":"ImageObject","inLanguage":"es","@id":"https:\/\/www.casadesus.net\/es\/shop\/camas\/helen\/#primaryimage","url":"https:\/\/www.casadesus.net\/wp-content\/uploads\/2025\/05\/HELEN-N-1.jpg","contentUrl":"https:\/\/www.casadesus.net\/wp-content\/uploads\/2025\/05\/HELEN-N-1.jpg","width":1500,"height":500},{"@type":"BreadcrumbList","@id":"https:\/\/www.casadesus.net\/es\/shop\/camas\/helen\/#breadcrumb","itemListElement":[{"@type":"ListItem","position":1,"name":"Home","item":"https:\/\/www.casadesus.net\/es\/home\/"},{"@type":"ListItem","position":2,"name":"Productos","item":"https:\/\/www.casadesus.net\/es\/shop\/"},{"@type":"ListItem","position":3,"name":"Helen"}]},{"@type":"WebSite","@id":"https:\/\/www.casadesus.net\/es\/#website","url":"https:\/\/www.casadesus.net\/es\/","name":"CasaDes\u00fas - Furniture Design Barcelona","description":"Dise\u00f1o, fabricaci\u00f3n y comercializaci\u00f3n de sof\u00e1s, sillones y m\u00e1s recientemente mobiliario en general","publisher":{"@id":"https:\/\/www.casadesus.net\/es\/#organization"},"potentialAction":[{"@type":"SearchAction","target":{"@type":"EntryPoint","urlTemplate":"https:\/\/www.casadesus.net\/es\/?s={search_term_string}"},"query-input":{"@type":"PropertyValueSpecification","valueRequired":true,"valueName":"search_term_string"}}],"inLanguage":"es"},{"@type":"Organization","@id":"https:\/\/www.casadesus.net\/es\/#organization","name":"CasaDes\u00fas - Furniture Design Barcelona","url":"https:\/\/www.casadesus.net\/es\/","logo":{"@type":"ImageObject","inLanguage":"es","@id":"https:\/\/www.casadesus.net\/es\/#\/schema\/logo\/image\/","url":"https:\/\/www.casadesus.net\/wp-content\/uploads\/2024\/11\/logo_casadesus_white.jpg","contentUrl":"https:\/\/www.casadesus.net\/wp-content\/uploads\/2024\/11\/logo_casadesus_white.jpg","width":866,"height":99,"caption":"CasaDes\u00fas - Furniture Design Barcelona"},"image":{"@id":"https:\/\/www.casadesus.net\/es\/#\/schema\/logo\/image\/"}}]}},"_links":{"self":[{"href":"https:\/\/www.casadesus.net\/es\/wp-json\/wp\/v2\/product\/7792","targetHints":{"allow":["GET"]}}],"collection":[{"href":"https:\/\/www.casadesus.net\/es\/wp-json\/wp\/v2\/product"}],"about":[{"href":"https:\/\/www.casadesus.net\/es\/wp-json\/wp\/v2\/types\/product"}],"wp:featuredmedia":[{"embeddable":true,"href":"https:\/\/www.casadesus.net\/es\/wp-json\/wp\/v2\/media\/5528"}],"wp:attachment":[{"href":"https:\/\/www.casadesus.net\/es\/wp-json\/wp\/v2\/media?parent=7792"}],"wp:term":[{"taxonomy":"product_brand","embeddable":true,"href":"https:\/\/www.casadesus.net\/es\/wp-json\/wp\/v2\/product_brand?post=7792"},{"taxonomy":"product_cat","embeddable":true,"href":"https:\/\/www.casadesus.net\/es\/wp-json\/wp\/v2\/product_cat?post=7792"},{"taxonomy":"product_tag","embeddable":true,"href":"https:\/\/www.casadesus.net\/es\/wp-json\/wp\/v2\/product_tag?post=7792"}],"curies":[{"name":"wp","href":"https:\/\/api.w.org\/{rel}","templated":true}]}}