{"id":7797,"date":"2018-03-26T17:44:02","date_gmt":"2018-03-26T15:44:02","guid":{"rendered":"https:\/\/www.casadesus.net\/shop\/sin categor\u00eda\/mauro\/"},"modified":"2018-03-26T17:44:02","modified_gmt":"2018-03-26T15:44:02","slug":"mauro","status":"publish","type":"product","link":"https:\/\/www.casadesus.net\/es\/shop\/sofas\/mauro\/","title":{"rendered":"Mauro"},"content":{"rendered":"<p>El programa de asientos Mauro basa su dise\u00f1o en la esencia de lo tradicional, un dise\u00f1o atemporal, lineal, lleno de m\u00faltiples y bellos detalles. Sus dimensiones estructurales le confieren una gran presencia y elegancia, convirti\u00e9ndolo en la pieza imponente del lugar donde se ubica. Sus m\u00faltiples cojines le otorgan una sensaci\u00f3n de gran comodidad y confort permitiendo dos profundidades de asiento. Las muchas opciones de configuraci\u00f3n del sistema permiten la creaci\u00f3n de infinitas combinaciones para crear la distribuci\u00f3n deseada. El programa presenta adem\u00e1s, numerosas medidas as\u00ed como chaiselongues y pufs a juego. La geometr\u00eda recta de brazos y respaldos permite la creaci\u00f3n de conjuntos combinando los distintos elementos con facilidad.      <\/p>\n","protected":false},"excerpt":{"rendered":"<p>El programa de asientos Mauro basa su dise\u00f1o en la esencia de lo tradicional, un dise\u00f1o atemporal, lineal, lleno de m\u00faltiples y bellos detalles. Sus dimensiones estructurales le confieren una gran presencia y elegancia, convirti\u00e9ndolo en la pieza imponente del lugar donde se ubica. Sus m\u00faltiples cojines le otorgan una sensaci\u00f3n de gran comodidad y [&hellip;]<\/p>\n","protected":false},"featured_media":3602,"template":"","meta":{"_acf_changed":false},"product_brand":[],"product_cat":[252],"product_tag":[],"class_list":{"0":"post-7797","1":"product","2":"type-product","3":"status-publish","4":"has-post-thumbnail","6":"product_cat-sofas","8":"first","9":"instock","10":"shipping-taxable","11":"product-type-simple"},"acf":[],"yoast_head":"<!-- This site is optimized with the Yoast SEO plugin v26.9 - https:\/\/yoast.com\/product\/yoast-seo-wordpress\/ -->\n<title>Mauro - CasaDes\u00fas - Furniture Design Barcelona<\/title>\n<meta name=\"robots\" content=\"index, follow, max-snippet:-1, max-image-preview:large, max-video-preview:-1\" \/>\n<link rel=\"canonical\" href=\"https:\/\/www.casadesus.net\/es\/shop\/sofas\/mauro\/\" \/>\n<meta property=\"og:locale\" content=\"es_ES\" \/>\n<meta property=\"og:type\" content=\"article\" \/>\n<meta property=\"og:title\" content=\"Mauro - CasaDes\u00fas - Furniture Design Barcelona\" \/>\n<meta property=\"og:description\" content=\"El programa de asientos Mauro basa su dise\u00f1o en la esencia de lo tradicional, un dise\u00f1o atemporal, lineal, lleno de m\u00faltiples y bellos detalles. Sus dimensiones estructurales le confieren una gran presencia y elegancia, convirti\u00e9ndolo en la pieza imponente del lugar donde se ubica. Sus m\u00faltiples cojines le otorgan una sensaci\u00f3n de gran comodidad y [&hellip;]\" \/>\n<meta property=\"og:url\" content=\"https:\/\/www.casadesus.net\/es\/shop\/sofas\/mauro\/\" \/>\n<meta property=\"og:site_name\" content=\"CasaDes\u00fas - Furniture Design Barcelona\" \/>\n<meta property=\"og:image\" content=\"https:\/\/www.casadesus.net\/wp-content\/uploads\/2025\/03\/MAURO-N-1.jpg\" \/>\n\t<meta property=\"og:image:width\" content=\"1500\" \/>\n\t<meta property=\"og:image:height\" content=\"500\" \/>\n\t<meta property=\"og:image:type\" content=\"image\/jpeg\" \/>\n<meta name=\"twitter:card\" content=\"summary_large_image\" \/>\n<script type=\"application\/ld+json\" class=\"yoast-schema-graph\">{\"@context\":\"https:\/\/schema.org\",\"@graph\":[{\"@type\":\"WebPage\",\"@id\":\"https:\/\/www.casadesus.net\/es\/shop\/sofas\/mauro\/\",\"url\":\"https:\/\/www.casadesus.net\/es\/shop\/sofas\/mauro\/\",\"name\":\"Mauro - CasaDes\u00fas - Furniture Design Barcelona\",\"isPartOf\":{\"@id\":\"https:\/\/www.casadesus.net\/es\/#website\"},\"primaryImageOfPage\":{\"@id\":\"https:\/\/www.casadesus.net\/es\/shop\/sofas\/mauro\/#primaryimage\"},\"image\":{\"@id\":\"https:\/\/www.casadesus.net\/es\/shop\/sofas\/mauro\/#primaryimage\"},\"thumbnailUrl\":\"https:\/\/www.casadesus.net\/wp-content\/uploads\/2025\/03\/MAURO-N-1.jpg\",\"datePublished\":\"2018-03-26T15:44:02+00:00\",\"breadcrumb\":{\"@id\":\"https:\/\/www.casadesus.net\/es\/shop\/sofas\/mauro\/#breadcrumb\"},\"inLanguage\":\"es\",\"potentialAction\":[{\"@type\":\"ReadAction\",\"target\":[\"https:\/\/www.casadesus.net\/es\/shop\/sofas\/mauro\/\"]}]},{\"@type\":\"ImageObject\",\"inLanguage\":\"es\",\"@id\":\"https:\/\/www.casadesus.net\/es\/shop\/sofas\/mauro\/#primaryimage\",\"url\":\"https:\/\/www.casadesus.net\/wp-content\/uploads\/2025\/03\/MAURO-N-1.jpg\",\"contentUrl\":\"https:\/\/www.casadesus.net\/wp-content\/uploads\/2025\/03\/MAURO-N-1.jpg\",\"width\":1500,\"height\":500},{\"@type\":\"BreadcrumbList\",\"@id\":\"https:\/\/www.casadesus.net\/es\/shop\/sofas\/mauro\/#breadcrumb\",\"itemListElement\":[{\"@type\":\"ListItem\",\"position\":1,\"name\":\"Home\",\"item\":\"https:\/\/www.casadesus.net\/es\/home\/\"},{\"@type\":\"ListItem\",\"position\":2,\"name\":\"Productos\",\"item\":\"https:\/\/www.casadesus.net\/es\/shop\/\"},{\"@type\":\"ListItem\",\"position\":3,\"name\":\"Mauro\"}]},{\"@type\":\"WebSite\",\"@id\":\"https:\/\/www.casadesus.net\/es\/#website\",\"url\":\"https:\/\/www.casadesus.net\/es\/\",\"name\":\"CasaDes\u00fas - Furniture Design Barcelona\",\"description\":\"Dise\u00f1o, fabricaci\u00f3n y comercializaci\u00f3n de sof\u00e1s, sillones y m\u00e1s recientemente mobiliario en general\",\"publisher\":{\"@id\":\"https:\/\/www.casadesus.net\/es\/#organization\"},\"potentialAction\":[{\"@type\":\"SearchAction\",\"target\":{\"@type\":\"EntryPoint\",\"urlTemplate\":\"https:\/\/www.casadesus.net\/es\/?s={search_term_string}\"},\"query-input\":{\"@type\":\"PropertyValueSpecification\",\"valueRequired\":true,\"valueName\":\"search_term_string\"}}],\"inLanguage\":\"es\"},{\"@type\":\"Organization\",\"@id\":\"https:\/\/www.casadesus.net\/es\/#organization\",\"name\":\"CasaDes\u00fas - Furniture Design Barcelona\",\"url\":\"https:\/\/www.casadesus.net\/es\/\",\"logo\":{\"@type\":\"ImageObject\",\"inLanguage\":\"es\",\"@id\":\"https:\/\/www.casadesus.net\/es\/#\/schema\/logo\/image\/\",\"url\":\"https:\/\/www.casadesus.net\/wp-content\/uploads\/2024\/11\/logo_casadesus_white.jpg\",\"contentUrl\":\"https:\/\/www.casadesus.net\/wp-content\/uploads\/2024\/11\/logo_casadesus_white.jpg\",\"width\":866,\"height\":99,\"caption\":\"CasaDes\u00fas - Furniture Design Barcelona\"},\"image\":{\"@id\":\"https:\/\/www.casadesus.net\/es\/#\/schema\/logo\/image\/\"}}]}<\/script>\n<!-- \/ Yoast SEO plugin. -->","yoast_head_json":{"title":"Mauro - CasaDes\u00fas - Furniture Design Barcelona","robots":{"index":"index","follow":"follow","max-snippet":"max-snippet:-1","max-image-preview":"max-image-preview:large","max-video-preview":"max-video-preview:-1"},"canonical":"https:\/\/www.casadesus.net\/es\/shop\/sofas\/mauro\/","og_locale":"es_ES","og_type":"article","og_title":"Mauro - CasaDes\u00fas - Furniture Design Barcelona","og_description":"El programa de asientos Mauro basa su dise\u00f1o en la esencia de lo tradicional, un dise\u00f1o atemporal, lineal, lleno de m\u00faltiples y bellos detalles. Sus dimensiones estructurales le confieren una gran presencia y elegancia, convirti\u00e9ndolo en la pieza imponente del lugar donde se ubica. Sus m\u00faltiples cojines le otorgan una sensaci\u00f3n de gran comodidad y [&hellip;]","og_url":"https:\/\/www.casadesus.net\/es\/shop\/sofas\/mauro\/","og_site_name":"CasaDes\u00fas - Furniture Design Barcelona","og_image":[{"width":1500,"height":500,"url":"https:\/\/www.casadesus.net\/wp-content\/uploads\/2025\/03\/MAURO-N-1.jpg","type":"image\/jpeg"}],"twitter_card":"summary_large_image","schema":{"@context":"https:\/\/schema.org","@graph":[{"@type":"WebPage","@id":"https:\/\/www.casadesus.net\/es\/shop\/sofas\/mauro\/","url":"https:\/\/www.casadesus.net\/es\/shop\/sofas\/mauro\/","name":"Mauro - CasaDes\u00fas - Furniture Design Barcelona","isPartOf":{"@id":"https:\/\/www.casadesus.net\/es\/#website"},"primaryImageOfPage":{"@id":"https:\/\/www.casadesus.net\/es\/shop\/sofas\/mauro\/#primaryimage"},"image":{"@id":"https:\/\/www.casadesus.net\/es\/shop\/sofas\/mauro\/#primaryimage"},"thumbnailUrl":"https:\/\/www.casadesus.net\/wp-content\/uploads\/2025\/03\/MAURO-N-1.jpg","datePublished":"2018-03-26T15:44:02+00:00","breadcrumb":{"@id":"https:\/\/www.casadesus.net\/es\/shop\/sofas\/mauro\/#breadcrumb"},"inLanguage":"es","potentialAction":[{"@type":"ReadAction","target":["https:\/\/www.casadesus.net\/es\/shop\/sofas\/mauro\/"]}]},{"@type":"ImageObject","inLanguage":"es","@id":"https:\/\/www.casadesus.net\/es\/shop\/sofas\/mauro\/#primaryimage","url":"https:\/\/www.casadesus.net\/wp-content\/uploads\/2025\/03\/MAURO-N-1.jpg","contentUrl":"https:\/\/www.casadesus.net\/wp-content\/uploads\/2025\/03\/MAURO-N-1.jpg","width":1500,"height":500},{"@type":"BreadcrumbList","@id":"https:\/\/www.casadesus.net\/es\/shop\/sofas\/mauro\/#breadcrumb","itemListElement":[{"@type":"ListItem","position":1,"name":"Home","item":"https:\/\/www.casadesus.net\/es\/home\/"},{"@type":"ListItem","position":2,"name":"Productos","item":"https:\/\/www.casadesus.net\/es\/shop\/"},{"@type":"ListItem","position":3,"name":"Mauro"}]},{"@type":"WebSite","@id":"https:\/\/www.casadesus.net\/es\/#website","url":"https:\/\/www.casadesus.net\/es\/","name":"CasaDes\u00fas - Furniture Design Barcelona","description":"Dise\u00f1o, fabricaci\u00f3n y comercializaci\u00f3n de sof\u00e1s, sillones y m\u00e1s recientemente mobiliario en general","publisher":{"@id":"https:\/\/www.casadesus.net\/es\/#organization"},"potentialAction":[{"@type":"SearchAction","target":{"@type":"EntryPoint","urlTemplate":"https:\/\/www.casadesus.net\/es\/?s={search_term_string}"},"query-input":{"@type":"PropertyValueSpecification","valueRequired":true,"valueName":"search_term_string"}}],"inLanguage":"es"},{"@type":"Organization","@id":"https:\/\/www.casadesus.net\/es\/#organization","name":"CasaDes\u00fas - Furniture Design Barcelona","url":"https:\/\/www.casadesus.net\/es\/","logo":{"@type":"ImageObject","inLanguage":"es","@id":"https:\/\/www.casadesus.net\/es\/#\/schema\/logo\/image\/","url":"https:\/\/www.casadesus.net\/wp-content\/uploads\/2024\/11\/logo_casadesus_white.jpg","contentUrl":"https:\/\/www.casadesus.net\/wp-content\/uploads\/2024\/11\/logo_casadesus_white.jpg","width":866,"height":99,"caption":"CasaDes\u00fas - Furniture Design Barcelona"},"image":{"@id":"https:\/\/www.casadesus.net\/es\/#\/schema\/logo\/image\/"}}]}},"_links":{"self":[{"href":"https:\/\/www.casadesus.net\/es\/wp-json\/wp\/v2\/product\/7797","targetHints":{"allow":["GET"]}}],"collection":[{"href":"https:\/\/www.casadesus.net\/es\/wp-json\/wp\/v2\/product"}],"about":[{"href":"https:\/\/www.casadesus.net\/es\/wp-json\/wp\/v2\/types\/product"}],"wp:featuredmedia":[{"embeddable":true,"href":"https:\/\/www.casadesus.net\/es\/wp-json\/wp\/v2\/media\/3602"}],"wp:attachment":[{"href":"https:\/\/www.casadesus.net\/es\/wp-json\/wp\/v2\/media?parent=7797"}],"wp:term":[{"taxonomy":"product_brand","embeddable":true,"href":"https:\/\/www.casadesus.net\/es\/wp-json\/wp\/v2\/product_brand?post=7797"},{"taxonomy":"product_cat","embeddable":true,"href":"https:\/\/www.casadesus.net\/es\/wp-json\/wp\/v2\/product_cat?post=7797"},{"taxonomy":"product_tag","embeddable":true,"href":"https:\/\/www.casadesus.net\/es\/wp-json\/wp\/v2\/product_tag?post=7797"}],"curies":[{"name":"wp","href":"https:\/\/api.w.org\/{rel}","templated":true}]}}